{"id":583,"date":"2022-06-20T11:12:00","date_gmt":"2022-06-20T09:12:00","guid":{"rendered":"https:\/\/themes.getmotopress.com\/palmeria\/accommodations\/"},"modified":"2026-04-27T18:24:14","modified_gmt":"2026-04-27T16:24:14","slug":"accommodations","status":"publish","type":"page","link":"https:\/\/closdemontjuly.fr\/index.php\/welcome-to-clos-de-mont-july\/accommodations\/","title":{"rendered":"R\u00e9servez votre chambre d&rsquo;h\u00f4tes"},"content":{"rendered":"\n<p>Envie d\u2019un s\u00e9jour authentique dans une chambre d\u2019h\u00f4tes de charme dans l\u2019Ain ?<\/p>\n\n\n\n<p>Le <strong>Clos de Mont July<\/strong> vous ouvre ses portes toute l\u2019ann\u00e9e. R\u00e9servez d\u00e8s maintenant votre s\u00e9jour et laissez-vous s\u00e9duire par l\u2019\u00e9l\u00e9gance et la tranquillit\u00e9 des lieux.<\/p>\n\n\n\n<div style=\"height:50px\" aria-hidden=\"true\" class=\"wp-block-spacer\"><\/div>\n\n\n<div class=\"mphb_sc_rooms-wrapper mphb-room-types masonry \">    <div class=\"mphb-rooms-shortcode-wrapper\">\r\n    \r\n<div class=\"mphb-room-type post-87 mphb_room_type type-mphb_room_type status-publish has-post-thumbnail mphb_room_type_category-double mphb_room_type_category-triple mphb_room_type_facility-air-conditionne mphb_room_type_facility-air-conditioning mphb_room_type_facility-bouilloire mphb_room_type_facility-cafetiere mphb_room_type_facility-free-wi-fi mphb_room_type_facility-hairdrier mphb_room_type_facility-micro-onde mphb_room_type_facility-mobilier-exterieur mphb_room_type_facility-parc-et-foret mphb_room_type_facility-refrigerateur mphb_room_type_facility-seche-cheveux mphb_room_type_facility-terrace mphb_room_type_facility-terrasse mphb_room_type_facility-wifi-gratuit mphb-room-type-adults-2 mphb-room-type-children-2 has-taxes-and-fees\">\r\n\r\n\t\r\n\t\t<div class=\"room-images-wrapper\">\r\n\t\t\n\n\t<p class=\"post-thumbnail mphb-loop-room-thumbnail\">\n\t<a href=\"https:\/\/closdemontjuly.fr\/index.php\/accommodation\/suite-batiment\/\">\n\t<img loading=\"lazy\" decoding=\"async\" width=\"892\" height=\"892\" src=\"https:\/\/closdemontjuly.fr\/wp-content\/uploads\/2018\/11\/IMG_9837-892x892.jpg\" class=\"attachment-palmeria-square size-palmeria-square wp-post-image\" alt=\"Suite familiale lit en 160\" srcset=\"https:\/\/closdemontjuly.fr\/wp-content\/uploads\/2018\/11\/IMG_9837-892x892.jpg 892w, https:\/\/closdemontjuly.fr\/wp-content\/uploads\/2018\/11\/IMG_9837-150x150.jpg 150w\" sizes=\"auto, (max-width: 892px) 100vw, 892px\" \/>\t<\/a>\n\n\t<\/p>\n\t<\/div>\r\n\t\t<div class=\"room-description-wrapper\">\r\n\t\t\n<h2 class=\"mphb-room-type-title entry-title\">\n\n<a class=\"mphb-room-type-title\" href=\"https:\/\/closdemontjuly.fr\/index.php\/accommodation\/suite-batiment\/\">Suite familiale<\/a>\n\n<\/h2>\n\n\t<p class=\"mphb-regular-price\"><strong>Prix \u00e0 partir de:<\/strong>\n\t<span class=\"mphb-price\">145&nbsp;<span class=\"mphb-currency\">&euro;<\/span><\/span> <span class=\"mphb-price-period\" title=\"Choisissez les dates pour voir les prix pertinents\">par nuit<\/span><span class=\"mphb-tax-information taxes-included\"> (+taxes et frais)<\/span>\n\t<\/p>\n\t\r\n\t<\/div>\r\n\t\r\n\t\r\n<\/div>\r\n\r\n\r\n<div class=\"mphb-room-type post-94 mphb_room_type type-mphb_room_type status-publish has-post-thumbnail mphb_room_type_category-double mphb_room_type_facility-bouilloire mphb_room_type_facility-cafetiere mphb_room_type_facility-minibar mphb_room_type_facility-mobilier-exterieur mphb_room_type_facility-parc-et-foret mphb_room_type_facility-seche-cheveux mphb_room_type_facility-terrasse mphb_room_type_facility-wifi-gratuit mphb-room-type-adults-2 mphb-room-type-children-0 has-taxes-and-fees\">\r\n\r\n\t\r\n\t\t<div class=\"room-images-wrapper\">\r\n\t\t\n\n\t<p class=\"post-thumbnail mphb-loop-room-thumbnail\">\n\t<a href=\"https:\/\/closdemontjuly.fr\/index.php\/accommodation\/chambre-double-superieure\/\">\n\t<img loading=\"lazy\" decoding=\"async\" width=\"892\" height=\"892\" src=\"https:\/\/closdemontjuly.fr\/wp-content\/uploads\/2025\/07\/CHAMBRE-BLEUE-V2-892x892.jpg\" class=\"attachment-palmeria-square size-palmeria-square wp-post-image\" alt=\"Chambre sup\u00e9rieure\" srcset=\"https:\/\/closdemontjuly.fr\/wp-content\/uploads\/2025\/07\/CHAMBRE-BLEUE-V2-892x892.jpg 892w, https:\/\/closdemontjuly.fr\/wp-content\/uploads\/2025\/07\/CHAMBRE-BLEUE-V2-150x150.jpg 150w\" sizes=\"auto, (max-width: 892px) 100vw, 892px\" \/>\t<\/a>\n\n\t<\/p>\n\t<\/div>\r\n\t\t<div class=\"room-description-wrapper\">\r\n\t\t\n<h2 class=\"mphb-room-type-title entry-title\">\n\n<a class=\"mphb-room-type-title\" href=\"https:\/\/closdemontjuly.fr\/index.php\/accommodation\/chambre-double-superieure\/\">Chambre sup\u00e9rieure<\/a>\n\n<\/h2>\n\n\t<p class=\"mphb-regular-price\"><strong>Prix \u00e0 partir de:<\/strong>\n\t<span class=\"mphb-price\">155&nbsp;<span class=\"mphb-currency\">&euro;<\/span><\/span> <span class=\"mphb-price-period\" title=\"Choisissez les dates pour voir les prix pertinents\">par nuit<\/span><span class=\"mphb-tax-information taxes-included\"> (+taxes et frais)<\/span>\n\t<\/p>\n\t\r\n\t<\/div>\r\n\t\r\n\t\r\n<\/div>\r\n\r\n\r\n<div class=\"mphb-room-type post-104 mphb_room_type type-mphb_room_type status-publish has-post-thumbnail mphb_room_type_category-double mphb_room_type_facility-air-conditionne mphb_room_type_facility-bouilloire mphb_room_type_facility-cafetiere mphb_room_type_facility-micro-onde mphb_room_type_facility-minibar mphb_room_type_facility-mobilier-exterieur mphb_room_type_facility-parc-et-foret mphb_room_type_facility-refrigerateur mphb_room_type_facility-seche-cheveux mphb_room_type_facility-terrasse mphb_room_type_facility-wifi-gratuit mphb-room-type-adults-2 mphb-room-type-children-0 has-taxes-and-fees\">\r\n\r\n\t\r\n\t\t<div class=\"room-images-wrapper\">\r\n\t\t\n\n\t<p class=\"post-thumbnail mphb-loop-room-thumbnail\">\n\t<a href=\"https:\/\/closdemontjuly.fr\/index.php\/accommodation\/chambre-double-standard\/\">\n\t<img loading=\"lazy\" decoding=\"async\" width=\"892\" height=\"892\" src=\"https:\/\/closdemontjuly.fr\/wp-content\/uploads\/2022\/06\/Chambre-rouge-V2-1-892x892.jpg\" class=\"attachment-palmeria-square size-palmeria-square wp-post-image\" alt=\"Chambre rouge\" srcset=\"https:\/\/closdemontjuly.fr\/wp-content\/uploads\/2022\/06\/Chambre-rouge-V2-1-892x892.jpg 892w, https:\/\/closdemontjuly.fr\/wp-content\/uploads\/2022\/06\/Chambre-rouge-V2-1-150x150.jpg 150w\" sizes=\"auto, (max-width: 892px) 100vw, 892px\" \/>\t<\/a>\n\n\t<\/p>\n\t<\/div>\r\n\t\t<div class=\"room-description-wrapper\">\r\n\t\t\n<h2 class=\"mphb-room-type-title entry-title\">\n\n<a class=\"mphb-room-type-title\" href=\"https:\/\/closdemontjuly.fr\/index.php\/accommodation\/chambre-double-standard\/\">Chambre confort<\/a>\n\n<\/h2>\n\n\t<p class=\"mphb-regular-price\"><strong>Prix \u00e0 partir de:<\/strong>\n\t<span class=\"mphb-price\">115&nbsp;<span class=\"mphb-currency\">&euro;<\/span><\/span> <span class=\"mphb-price-period\" title=\"Choisissez les dates pour voir les prix pertinents\">par nuit<\/span><span class=\"mphb-tax-information taxes-included\"> (+taxes et frais)<\/span>\n\t<\/p>\n\t\r\n\t<\/div>\r\n\t\r\n\t\r\n<\/div>\r\n\r\n\r\n<div class=\"mphb-room-type post-76 mphb_room_type type-mphb_room_type status-publish has-post-thumbnail mphb_room_type_category-double mphb_room_type_facility-bouilloire mphb_room_type_facility-cafetiere mphb_room_type_facility-minibar mphb_room_type_facility-mobilier-exterieur mphb_room_type_facility-parc-et-foret mphb_room_type_facility-seche-cheveux mphb_room_type_facility-terrasse mphb_room_type_facility-wifi-gratuit mphb-room-type-adults-2 mphb-room-type-children-0 has-taxes-and-fees\">\r\n\r\n\t\r\n\t\t<div class=\"room-images-wrapper\">\r\n\t\t\n\n\t<p class=\"post-thumbnail mphb-loop-room-thumbnail\">\n\t<a href=\"https:\/\/closdemontjuly.fr\/index.php\/accommodation\/suite-luxe\/\">\n\t<img loading=\"lazy\" decoding=\"async\" width=\"892\" height=\"892\" src=\"https:\/\/closdemontjuly.fr\/wp-content\/uploads\/2025\/07\/chambre-verte-pour-site-892x892.jpg\" class=\"attachment-palmeria-square size-palmeria-square wp-post-image\" alt=\"Suite de luxe\" srcset=\"https:\/\/closdemontjuly.fr\/wp-content\/uploads\/2025\/07\/chambre-verte-pour-site-892x892.jpg 892w, https:\/\/closdemontjuly.fr\/wp-content\/uploads\/2025\/07\/chambre-verte-pour-site-150x150.jpg 150w\" sizes=\"auto, (max-width: 892px) 100vw, 892px\" \/>\t<\/a>\n\n\t<\/p>\n\t<\/div>\r\n\t\t<div class=\"room-description-wrapper\">\r\n\t\t\n<h2 class=\"mphb-room-type-title entry-title\">\n\n<a class=\"mphb-room-type-title\" href=\"https:\/\/closdemontjuly.fr\/index.php\/accommodation\/suite-luxe\/\">Chambre de luxe<\/a>\n\n<\/h2>\n\n\t<p class=\"mphb-regular-price\"><strong>Prix \u00e0 partir de:<\/strong>\n\t<span class=\"mphb-price\">175&nbsp;<span class=\"mphb-currency\">&euro;<\/span><\/span> <span class=\"mphb-price-period\" title=\"Choisissez les dates pour voir les prix pertinents\">par nuit<\/span><span class=\"mphb-tax-information taxes-included\"> (+taxes et frais)<\/span>\n\t<\/p>\n\t\r\n\t<\/div>\r\n\t\r\n\t\r\n<\/div>\r\n\r\n\r\n<div class=\"mphb-room-type post-2375 mphb_room_type type-mphb_room_type status-publish has-post-thumbnail mphb_room_type_category-double mphb_room_type_facility-bouilloire mphb_room_type_facility-cafetiere mphb_room_type_facility-seche-cheveux mphb_room_type_facility-wifi-gratuit mphb-room-type-adults-2 mphb-room-type-children-1 has-taxes-and-fees\">\r\n\r\n\t\r\n\t\t<div class=\"room-images-wrapper\">\r\n\t\t\n\n\t<p class=\"post-thumbnail mphb-loop-room-thumbnail\">\n\t<a href=\"https:\/\/closdemontjuly.fr\/index.php\/accommodation\/grande-chambre-double\/\">\n\t<img loading=\"lazy\" decoding=\"async\" width=\"892\" height=\"892\" src=\"https:\/\/closdemontjuly.fr\/wp-content\/uploads\/2026\/04\/IMG_3624-892x892.jpeg\" class=\"attachment-palmeria-square size-palmeria-square wp-post-image\" alt=\"\" srcset=\"https:\/\/closdemontjuly.fr\/wp-content\/uploads\/2026\/04\/IMG_3624-892x892.jpeg 892w, https:\/\/closdemontjuly.fr\/wp-content\/uploads\/2026\/04\/IMG_3624-150x150.jpeg 150w\" sizes=\"auto, (max-width: 892px) 100vw, 892px\" \/>\t<\/a>\n\n\t<\/p>\n\t<\/div>\r\n\t\t<div class=\"room-description-wrapper\">\r\n\t\t\n<h2 class=\"mphb-room-type-title entry-title\">\n\n<a class=\"mphb-room-type-title\" href=\"https:\/\/closdemontjuly.fr\/index.php\/accommodation\/grande-chambre-double\/\">Grande chambre double<\/a>\n\n<\/h2>\n\n\t<p class=\"mphb-regular-price\"><strong>Prix \u00e0 partir de:<\/strong>\n\t<span class=\"mphb-price\">135&nbsp;<span class=\"mphb-currency\">&euro;<\/span><\/span> <span class=\"mphb-price-period\" title=\"Choisissez les dates pour voir les prix pertinents\">par nuit<\/span><span class=\"mphb-tax-information taxes-included\"> (+taxes et frais)<\/span>\n\t<\/p>\n\t\r\n\t<\/div>\r\n\t\r\n\t\r\n<\/div>\r\n\r\n\r\n<div class=\"mphb-room-type post-2401 mphb_room_type type-mphb_room_type status-publish has-post-thumbnail mphb-room-type-adults-1 mphb-room-type-children-0 has-taxes-and-fees\">\r\n\r\n\t\r\n\t\t<div class=\"room-images-wrapper\">\r\n\t\t\n\n\t<p class=\"post-thumbnail mphb-loop-room-thumbnail\">\n\t<a href=\"https:\/\/closdemontjuly.fr\/index.php\/accommodation\/studio\/\">\n\t<img loading=\"lazy\" decoding=\"async\" width=\"480\" height=\"480\" src=\"https:\/\/closdemontjuly.fr\/wp-content\/uploads\/2026\/04\/Carre_blanc.jpg\" class=\"attachment-palmeria-square size-palmeria-square wp-post-image\" alt=\"\" srcset=\"https:\/\/closdemontjuly.fr\/wp-content\/uploads\/2026\/04\/Carre_blanc.jpg 480w, https:\/\/closdemontjuly.fr\/wp-content\/uploads\/2026\/04\/Carre_blanc-300x300.jpg 300w, https:\/\/closdemontjuly.fr\/wp-content\/uploads\/2026\/04\/Carre_blanc-150x150.jpg 150w\" sizes=\"auto, (max-width: 480px) 100vw, 480px\" \/>\t<\/a>\n\n\t<\/p>\n\t<\/div>\r\n\t\t<div class=\"room-description-wrapper\">\r\n\t\t\n<h2 class=\"mphb-room-type-title entry-title\">\n\n<a class=\"mphb-room-type-title\" href=\"https:\/\/closdemontjuly.fr\/index.php\/accommodation\/studio\/\">studio<\/a>\n\n<\/h2>\n\n\t<p class=\"mphb-regular-price\"><strong>Prix \u00e0 partir de:<\/strong>\n\t<span class=\"mphb-price\">135&nbsp;<span class=\"mphb-currency\">&euro;<\/span><\/span> <span class=\"mphb-price-period\" title=\"Choisissez les dates pour voir les prix pertinents\">par nuit<\/span><span class=\"mphb-tax-information taxes-included\"> (+taxes et frais)<\/span>\n\t<\/p>\n\t\r\n\t<\/div>\r\n\t\r\n\t\r\n<\/div>\r\n\r\n    <\/div>\r\n    <\/div>\n","protected":false},"excerpt":{"rendered":"<p>Envie d\u2019un s\u00e9jour authentique dans une chambre d\u2019h\u00f4tes de charme dans l\u2019Ain ? Le Clos de Mont July vous ouvre ses portes toute l\u2019ann\u00e9e. R\u00e9servez d\u00e8s maintenant votre s\u00e9jour et laissez-vous s\u00e9duire par l\u2019\u00e9l\u00e9gance et la tranquillit\u00e9 des lieux.<\/p>\n","protected":false},"author":1,"featured_media":755,"parent":42,"menu_order":1,"comment_status":"closed","ping_status":"closed","template":"template-wide-page.php","meta":{"inline_featured_image":false,"_monsterinsights_skip_tracking":false,"_monsterinsights_sitenote_active":false,"_monsterinsights_sitenote_note":"","_monsterinsights_sitenote_category":0,"footnotes":""},"class_list":["post-583","page","type-page","status-publish","has-post-thumbnail","hentry"],"_links":{"self":[{"href":"https:\/\/closdemontjuly.fr\/index.php\/wp-json\/wp\/v2\/pages\/583","targetHints":{"allow":["GET"]}}],"collection":[{"href":"https:\/\/closdemontjuly.fr\/index.php\/wp-json\/wp\/v2\/pages"}],"about":[{"href":"https:\/\/closdemontjuly.fr\/index.php\/wp-json\/wp\/v2\/types\/page"}],"author":[{"embeddable":true,"href":"https:\/\/closdemontjuly.fr\/index.php\/wp-json\/wp\/v2\/users\/1"}],"replies":[{"embeddable":true,"href":"https:\/\/closdemontjuly.fr\/index.php\/wp-json\/wp\/v2\/comments?post=583"}],"version-history":[{"count":12,"href":"https:\/\/closdemontjuly.fr\/index.php\/wp-json\/wp\/v2\/pages\/583\/revisions"}],"predecessor-version":[{"id":2412,"href":"https:\/\/closdemontjuly.fr\/index.php\/wp-json\/wp\/v2\/pages\/583\/revisions\/2412"}],"up":[{"embeddable":true,"href":"https:\/\/closdemontjuly.fr\/index.php\/wp-json\/wp\/v2\/pages\/42"}],"wp:featuredmedia":[{"embeddable":true,"href":"https:\/\/closdemontjuly.fr\/index.php\/wp-json\/wp\/v2\/media\/755"}],"wp:attachment":[{"href":"https:\/\/closdemontjuly.fr\/index.php\/wp-json\/wp\/v2\/media?parent=583"}],"curies":[{"name":"wp","href":"https:\/\/api.w.org\/{rel}","templated":true}]}}